{"id":478,"date":"2021-04-21T10:27:13","date_gmt":"2021-04-21T08:27:13","guid":{"rendered":"https:\/\/ozrodicia.sk\/?page_id=478"},"modified":"2021-04-21T15:05:47","modified_gmt":"2021-04-21T13:05:47","slug":"stanoviska-a-tlacove-spravy","status":"publish","type":"page","link":"https:\/\/ozrodicia.sk\/?page_id=478","title":{"rendered":"Stanovisk\u00e1 a tla\u010dov\u00e9 spr\u00e1vy"},"content":{"rendered":"\n<div class=\"wp-block-group\"><div class=\"wp-block-group__inner-container\"><ul class=\"wp-block-latest-posts__list is-grid columns-3 has-dates wp-block-latest-posts\"><li><div class=\"wp-block-latest-posts__featured-image\"><img width=\"150\" height=\"150\" src=\"https:\/\/ozrodicia.sk\/wp-content\/uploads\/2025\/09\/14-kopie-150x150.jpg\" class=\"attachment-thumbnail size-thumbnail wp-post-image\" alt=\"\" loading=\"lazy\" style=\"\" \/><\/div><a href=\"https:\/\/ozrodicia.sk\/?p=1114\">Konsolid\u00e1cia nesmie e\u0161te viac za\u0165a\u017ei\u0165 rodiny s de\u0165mi<\/a><time datetime=\"2025-09-23T18:27:52+02:00\" class=\"wp-block-latest-posts__post-date\">23. septembra 2025<\/time><\/li>\n<li><div class=\"wp-block-latest-posts__featured-image\"><img width=\"150\" height=\"150\" src=\"https:\/\/ozrodicia.sk\/wp-content\/uploads\/2024\/10\/AdobeStock_102339791_2-150x150.jpg\" class=\"attachment-thumbnail size-thumbnail wp-post-image\" alt=\"\" loading=\"lazy\" style=\"\" \/><\/div><a href=\"https:\/\/ozrodicia.sk\/?p=1057\">Stanovisko k n\u00e1vrhu vl\u00e1dneho konsolida\u010dn\u00e9ho bal\u00ed\u010dka<\/a><time datetime=\"2024-10-03T08:24:31+02:00\" class=\"wp-block-latest-posts__post-date\">3. okt\u00f3bra 2024<\/time><\/li>\n<li><div class=\"wp-block-latest-posts__featured-image\"><img width=\"150\" height=\"150\" src=\"https:\/\/ozrodicia.sk\/wp-content\/uploads\/2024\/04\/deti-a-mobily-kopie-150x150.jpg\" class=\"attachment-thumbnail size-thumbnail wp-post-image\" alt=\"\" loading=\"lazy\" style=\"\" \/><\/div><a href=\"https:\/\/ozrodicia.sk\/?p=1038\">Stanovisko k n\u00e1vrhu na regul\u00e1ciu pou\u017e\u00edvania mobiln\u00fdch telef\u00f3nov na p\u00f4de \u0161k\u00f4l<\/a><time datetime=\"2024-04-11T17:10:13+02:00\" class=\"wp-block-latest-posts__post-date\">11. apr\u00edla 2024<\/time><\/li>\n<li><div class=\"wp-block-latest-posts__featured-image\"><img width=\"150\" height=\"150\" src=\"https:\/\/ozrodicia.sk\/wp-content\/uploads\/2021\/08\/shutterstock_59018779-kopie-150x150.jpg\" class=\"attachment-thumbnail size-thumbnail wp-post-image\" alt=\"\" loading=\"lazy\" style=\"\" \/><\/div><a href=\"https:\/\/ozrodicia.sk\/?p=989\">\u0160koly &#8211; prostriedok v\u0161estrann\u00e9ho a udr\u017eate\u013en\u00e9ho vzdel\u00e1vania a rozvoja det\u00ed a ml\u00e1de\u017ee<\/a><time datetime=\"2023-10-05T08:26:27+02:00\" class=\"wp-block-latest-posts__post-date\">5. okt\u00f3bra 2023<\/time><\/li>\n<li><div class=\"wp-block-latest-posts__featured-image\"><img width=\"150\" height=\"150\" src=\"https:\/\/ozrodicia.sk\/wp-content\/uploads\/2023\/09\/ozr2023_fb4-150x150.jpg\" class=\"attachment-thumbnail size-thumbnail wp-post-image\" alt=\"\" loading=\"lazy\" style=\"\" \/><\/div><a href=\"https:\/\/ozrodicia.sk\/?p=986\">V\u00fdzva na podporu vo\u013eno\u010dasov\u00fdch aktiv\u00edt na \u0161kol\u00e1ch<\/a><time datetime=\"2023-09-29T10:20:21+02:00\" class=\"wp-block-latest-posts__post-date\">29. septembra 2023<\/time><\/li>\n<li><div class=\"wp-block-latest-posts__featured-image\"><img width=\"150\" height=\"150\" src=\"https:\/\/ozrodicia.sk\/wp-content\/uploads\/2021\/04\/ozr2021_fb-150x150.jpg\" class=\"attachment-thumbnail size-thumbnail wp-post-image\" alt=\"\" loading=\"lazy\" style=\"\" \/><\/div><a href=\"https:\/\/ozrodicia.sk\/?p=977\">Vo\u013eno\u010dasov\u00e9 aktivity musia pr\u00eds\u0165 za de\u0165mi do \u0161k\u00f4l<\/a><time datetime=\"2023-09-18T18:07:51+02:00\" class=\"wp-block-latest-posts__post-date\">18. septembra 2023<\/time><\/li>\n<li><div class=\"wp-block-latest-posts__featured-image\"><img width=\"150\" height=\"150\" src=\"https:\/\/ozrodicia.sk\/wp-content\/uploads\/2021\/11\/oz2021-11-01-150x150.jpg\" class=\"attachment-thumbnail size-thumbnail wp-post-image\" alt=\"\" loading=\"lazy\" style=\"\" \/><\/div><a href=\"https:\/\/ozrodicia.sk\/?p=947\">Stanovisko Rodi\u010dia.sk k n\u00e1vrhu poslancov zv\u00fd\u0161i\u0165 po\u010det hod\u00edn telesnej v\u00fdchovy na \u0161kol\u00e1ch<\/a><time datetime=\"2023-04-28T10:07:34+02:00\" class=\"wp-block-latest-posts__post-date\">28. apr\u00edla 2023<\/time><\/li>\n<li><div class=\"wp-block-latest-posts__featured-image\"><img width=\"150\" height=\"150\" src=\"https:\/\/ozrodicia.sk\/wp-content\/uploads\/2023\/03\/Lenive-dieta-kopie-150x150.jpg\" class=\"attachment-thumbnail size-thumbnail wp-post-image\" alt=\"\" loading=\"lazy\" style=\"\" \/><\/div><a href=\"https:\/\/ozrodicia.sk\/?p=935\">Z\u00e1kladn\u00e9 obmedzenia pre \u0161kolsk\u00e9 bufety s\u00fa kone\u010dne realitou<\/a><time datetime=\"2023-03-28T18:09:18+02:00\" class=\"wp-block-latest-posts__post-date\">28. marca 2023<\/time><\/li>\n<li><div class=\"wp-block-latest-posts__featured-image\"><img width=\"150\" height=\"150\" src=\"https:\/\/ozrodicia.sk\/wp-content\/uploads\/2023\/01\/ozr2023_fb2-150x150.jpg\" class=\"attachment-thumbnail size-thumbnail wp-post-image\" alt=\"\" loading=\"lazy\" style=\"\" \/><\/div><a href=\"https:\/\/ozrodicia.sk\/?p=902\">Potvrdzuje sa, \u017ee \u201cRodinn\u00fd bal\u00ed\u010dek\u201d bol nastaven\u00fd zle, rodiny s n\u00edzkymi pr\u00edjmami bud\u00fa trpie\u0165.<\/a><time datetime=\"2023-01-23T17:31:21+01:00\" class=\"wp-block-latest-posts__post-date\">23. janu\u00e1ra 2023<\/time><\/li>\n<li><div class=\"wp-block-latest-posts__featured-image\"><img width=\"150\" height=\"150\" src=\"https:\/\/ozrodicia.sk\/wp-content\/uploads\/2022\/09\/empty-school-class-break-classes-back-school_73975-253-kopie-150x150.jpg\" class=\"attachment-thumbnail size-thumbnail wp-post-image\" alt=\"\" loading=\"lazy\" style=\"\" \/><\/div><a href=\"https:\/\/ozrodicia.sk\/?p=864\">\u0160koly a \u0161kol\u00e1ci nem\u00f4\u017eu \u017ei\u0165 op\u00e4\u0165 v neistote. Zatv\u00e1ranie \u0161k\u00f4l nem\u00f4\u017ee by\u0165 sp\u00f4sob rie\u0161enia probl\u00e9mov s energiami.<\/a><time datetime=\"2022-09-12T14:04:41+02:00\" class=\"wp-block-latest-posts__post-date\">12. septembra 2022<\/time><\/li>\n<li><div class=\"wp-block-latest-posts__featured-image\"><img width=\"150\" height=\"150\" src=\"https:\/\/ozrodicia.sk\/wp-content\/uploads\/2022\/06\/benjamin-manley-QkflfhJn1KA-unsplash2-150x150.jpg\" class=\"attachment-thumbnail size-thumbnail wp-post-image\" alt=\"\" loading=\"lazy\" style=\"\" \/><\/div><a href=\"https:\/\/ozrodicia.sk\/?p=822\">List OZ Rodi\u010dia.sk \u010dlenom NRSR pred hlasovan\u00edm o tzv. rodinnom bal\u00edku<\/a><time datetime=\"2022-06-14T06:56:28+02:00\" class=\"wp-block-latest-posts__post-date\">14. j\u00fana 2022<\/time><\/li>\n<li><div class=\"wp-block-latest-posts__featured-image\"><img width=\"150\" height=\"150\" src=\"https:\/\/ozrodicia.sk\/wp-content\/uploads\/2022\/05\/family-walking-on-path-1682497-kopie-150x150.jpg\" class=\"attachment-thumbnail size-thumbnail wp-post-image\" alt=\"\" loading=\"lazy\" style=\"\" \/><\/div><a href=\"https:\/\/ozrodicia.sk\/?p=791\">Soci\u00e1lna situ\u00e1cia rod\u00edn a \u0161kolstvo musia by\u0165 aj s oh\u013eadom na pand\u00e9miu prioritou vl\u00e1dy SR<\/a><time datetime=\"2022-05-17T21:15:42+02:00\" class=\"wp-block-latest-posts__post-date\">17. m\u00e1ja 2022<\/time><\/li>\n<li><div class=\"wp-block-latest-posts__featured-image\"><img width=\"150\" height=\"150\" src=\"https:\/\/ozrodicia.sk\/wp-content\/uploads\/2021\/11\/oz2021-11-3-150x150.jpg\" class=\"attachment-thumbnail size-thumbnail wp-post-image\" alt=\"\" loading=\"lazy\" style=\"\" \/><\/div><a href=\"https:\/\/ozrodicia.sk\/?p=714\">Stanovisko k rozhodnutiu vl\u00e1dy SR 24.11. nezatv\u00e1ra\u0165 plo\u0161ne v\u0161etky \u0161koly na Slovensku<\/a><time datetime=\"2021-11-27T15:05:09+01:00\" class=\"wp-block-latest-posts__post-date\">27. novembra 2021<\/time><\/li>\n<li><div class=\"wp-block-latest-posts__featured-image\"><img width=\"150\" height=\"150\" src=\"https:\/\/ozrodicia.sk\/wp-content\/uploads\/2020\/12\/AdobeStock_313455375-150x150.jpg\" class=\"attachment-thumbnail size-thumbnail wp-post-image\" alt=\"\" loading=\"lazy\" style=\"\" \/><\/div><a href=\"https:\/\/ozrodicia.sk\/?p=703\">Nes\u00fahlas\u00edme s nov\u00fdm re\u017eimom pre deti od 2 do 12 rokov<\/a><time datetime=\"2021-11-23T17:29:15+01:00\" class=\"wp-block-latest-posts__post-date\">23. novembra 2021<\/time><\/li>\n<li><div class=\"wp-block-latest-posts__featured-image\"><img width=\"150\" height=\"150\" src=\"https:\/\/ozrodicia.sk\/wp-content\/uploads\/2021\/11\/oz2021-11-02-150x150.jpg\" class=\"attachment-thumbnail size-thumbnail wp-post-image\" alt=\"\" loading=\"lazy\" style=\"\" \/><\/div><a href=\"https:\/\/ozrodicia.sk\/?p=700\">Mus\u00edme urobi\u0165 viac ako len zastavi\u0165 \u00e9ru fos\u00edlnych pal\u00edv!<\/a><time datetime=\"2021-11-19T09:58:48+01:00\" class=\"wp-block-latest-posts__post-date\">19. novembra 2021<\/time><\/li>\n<li><div class=\"wp-block-latest-posts__featured-image\"><img width=\"150\" height=\"150\" src=\"https:\/\/ozrodicia.sk\/wp-content\/uploads\/2021\/10\/oz2021_10-150x150.jpg\" class=\"attachment-thumbnail size-thumbnail wp-post-image\" alt=\"\" loading=\"lazy\" style=\"\" \/><\/div><a href=\"https:\/\/ozrodicia.sk\/?p=674\">Nevyh\u00e1\u0148ajme deti u\u017e tret\u00ed pandemick\u00fd rok zo \u0161portov\u00edsk za po\u010d\u00edta\u010de<\/a><time datetime=\"2021-10-21T15:44:25+02:00\" class=\"wp-block-latest-posts__post-date\">21. okt\u00f3bra 2021<\/time><\/li>\n<li><div class=\"wp-block-latest-posts__featured-image\"><img width=\"150\" height=\"150\" src=\"https:\/\/ozrodicia.sk\/wp-content\/uploads\/2021\/07\/dvor-kopie-150x150.jpg\" class=\"attachment-thumbnail size-thumbnail wp-post-image\" alt=\"\" loading=\"lazy\" style=\"\" \/><\/div><a href=\"https:\/\/ozrodicia.sk\/?p=555\">Pohyb a \u0161port patr\u00ed k de\u0165om, patr\u00ed do \u0161k\u00f4l!<\/a><time datetime=\"2021-07-01T19:33:13+02:00\" class=\"wp-block-latest-posts__post-date\">1. j\u00fala 2021<\/time><\/li>\n<li><div class=\"wp-block-latest-posts__featured-image\"><img width=\"150\" height=\"150\" src=\"https:\/\/ozrodicia.sk\/wp-content\/uploads\/2021\/04\/pexels-pixabay-16062422-1-150x150.jpg\" class=\"attachment-thumbnail size-thumbnail wp-post-image\" alt=\"\" loading=\"lazy\" style=\"\" \/><\/div><a href=\"https:\/\/ozrodicia.sk\/?p=370\">Tehotensk\u00fd pr\u00edspevok potrebuj\u00fa hlavne \u017eeny v \u0165a\u017ekej \u017eivotnej situ\u00e1cii<\/a><time datetime=\"2021-04-07T08:18:54+02:00\" class=\"wp-block-latest-posts__post-date\">7. apr\u00edla 2021<\/time><\/li>\n<li><div class=\"wp-block-latest-posts__featured-image\"><img width=\"150\" height=\"150\" src=\"https:\/\/ozrodicia.sk\/wp-content\/uploads\/2021\/04\/ozr2021_fb-150x150.jpg\" class=\"attachment-thumbnail size-thumbnail wp-post-image\" alt=\"\" loading=\"lazy\" style=\"\" \/><\/div><a href=\"https:\/\/ozrodicia.sk\/?p=360\">OZ Rodi\u010dia.sk v pl\u00e1ne obnovy po\u017eiadalo o invest\u00edcie do z\u00e1kladnej infra\u0161trukt\u00fary na \u0161kol\u00e1ch a v\u010dasn\u00fd diagnosticko-poradensk\u00fd syst\u00e9m pre deti v pred\u0161kolskom veku<\/a><time datetime=\"2021-04-06T09:38:20+02:00\" class=\"wp-block-latest-posts__post-date\">6. apr\u00edla 2021<\/time><\/li>\n<li><div class=\"wp-block-latest-posts__featured-image\"><img width=\"150\" height=\"150\" src=\"https:\/\/ozrodicia.sk\/wp-content\/uploads\/2021\/04\/AdobeStock_313455375-150x150.jpg\" class=\"attachment-thumbnail size-thumbnail wp-post-image\" alt=\"\" loading=\"lazy\" style=\"\" \/><\/div><a href=\"https:\/\/ozrodicia.sk\/?p=351\">Krajina v pand\u00e9mii potrebuje funk\u010dn\u00fa vl\u00e1du &#8211; ukon\u010dite spory a rie\u0161te re\u00e1lne probl\u00e9my<\/a><time datetime=\"2021-03-25T17:59:45+01:00\" class=\"wp-block-latest-posts__post-date\">25. marca 2021<\/time><\/li>\n<li><div class=\"wp-block-latest-posts__featured-image\"><img width=\"150\" height=\"150\" src=\"https:\/\/ozrodicia.sk\/wp-content\/uploads\/2021\/01\/pexels-gustavo-fring-4000622-150x150.jpg\" class=\"attachment-thumbnail size-thumbnail wp-post-image\" alt=\"\" loading=\"lazy\" style=\"\" \/><\/div><a href=\"https:\/\/ozrodicia.sk\/?p=316\">Pre rodi\u010dov je prioritou okrem zdravia aj n\u00e1vrat det\u00ed do \u0161k\u00f4l. Testovanie je len n\u00e1stroj.<\/a><time datetime=\"2021-01-27T17:16:20+01:00\" class=\"wp-block-latest-posts__post-date\">27. janu\u00e1ra 2021<\/time><\/li>\n<li><div class=\"wp-block-latest-posts__featured-image\"><img width=\"150\" height=\"150\" src=\"https:\/\/ozrodicia.sk\/wp-content\/uploads\/2020\/11\/AdobeStock_335759514-150x150.jpg\" class=\"attachment-thumbnail size-thumbnail wp-post-image\" alt=\"\" loading=\"lazy\" style=\"\" \/><\/div><a href=\"https:\/\/ozrodicia.sk\/?p=244\">Odpor\u00fa\u010dania OZ Rodi\u010dia.sk, ako zav\u00e1dza\u0165 protipandemick\u00e9 opatrenia s oh\u013eadom na \u017eivoty rod\u00edn s de\u0165mi<\/a><time datetime=\"2020-11-09T09:47:40+01:00\" class=\"wp-block-latest-posts__post-date\">9. novembra 2020<\/time><\/li>\n<li><div class=\"wp-block-latest-posts__featured-image\"><img width=\"150\" height=\"150\" src=\"https:\/\/ozrodicia.sk\/wp-content\/uploads\/2020\/12\/ozr2020_16-12-150x150.jpg\" class=\"attachment-thumbnail size-thumbnail wp-post-image\" alt=\"\" loading=\"lazy\" style=\"\" \/><\/div><a href=\"https:\/\/ozrodicia.sk\/?p=220\">Stanovisko OZ Rodi\u010dia.sk k nov\u00fdm epidemiologick\u00fdm opatreniam<\/a><time datetime=\"2020-10-15T18:09:59+02:00\" class=\"wp-block-latest-posts__post-date\">15. okt\u00f3bra 2020<\/time><\/li>\n<li><div class=\"wp-block-latest-posts__featured-image\"><img width=\"150\" height=\"150\" src=\"https:\/\/ozrodicia.sk\/wp-content\/uploads\/2020\/12\/AdobeStock_313455375-150x150.jpg\" class=\"attachment-thumbnail size-thumbnail wp-post-image\" alt=\"\" loading=\"lazy\" style=\"\" \/><\/div><a href=\"https:\/\/ozrodicia.sk\/?p=217\">Stanovisko OZ Rodi\u010dia.sk k rozhodnutiu vl\u00e1dy SR zru\u0161i\u0165 k 15.10.2020 poskytovanie tzv. pandemick\u00e9ho rodi\u010dovsk\u00e9ho pr\u00edspevku<\/a><time datetime=\"2020-10-12T14:26:36+02:00\" class=\"wp-block-latest-posts__post-date\">12. okt\u00f3bra 2020<\/time><\/li>\n<li><div class=\"wp-block-latest-posts__featured-image\"><img width=\"150\" height=\"150\" src=\"https:\/\/ozrodicia.sk\/wp-content\/uploads\/2020\/12\/AdobeStock_313455375-150x150.jpg\" class=\"attachment-thumbnail size-thumbnail wp-post-image\" alt=\"\" loading=\"lazy\" style=\"\" \/><\/div><a href=\"https:\/\/ozrodicia.sk\/?p=200\">Rodi\u010dia sa ob\u00e1vaj\u00fa o vzdel\u00e1vanie svojich det\u00ed po\u010das pand\u00e9mie, v\u00fdu\u010dba na dia\u013eku po\u010das prvej vlny mala ve\u013ek\u00e9 medzery<\/a><time datetime=\"2020-10-07T10:00:11+02:00\" class=\"wp-block-latest-posts__post-date\">7. okt\u00f3bra 2020<\/time><\/li>\n<li><div class=\"wp-block-latest-posts__featured-image\"><img width=\"150\" height=\"150\" src=\"https:\/\/ozrodicia.sk\/wp-content\/uploads\/2021\/04\/AdobeStock_313455375-150x150.jpg\" class=\"attachment-thumbnail size-thumbnail wp-post-image\" alt=\"\" loading=\"lazy\" style=\"\" \/><\/div><a href=\"https:\/\/ozrodicia.sk\/?p=180\">Rodi\u010dov po\u010das pand\u00e9mie najviac des\u00ed hrozba straty pr\u00edjmu a zatvoren\u00e9 \u0161kolsk\u00e9 zariadenia<\/a><time datetime=\"2020-09-28T13:24:08+02:00\" class=\"wp-block-latest-posts__post-date\">28. septembra 2020<\/time><\/li>\n<\/ul><\/div><\/div>\n","protected":false},"excerpt":{"rendered":"","protected":false},"author":1,"featured_media":482,"parent":0,"menu_order":0,"comment_status":"closed","ping_status":"closed","template":"","meta":{"sfsi_plus_gutenberg_text_before_share":"","sfsi_plus_gutenberg_show_text_before_share":"","sfsi_plus_gutenberg_icon_type":"","sfsi_plus_gutenberg_icon_alignemt":"","sfsi_plus_gutenburg_max_per_row":"","_mi_skip_tracking":false,"_monsterinsights_sitenote_active":false,"_monsterinsights_sitenote_note":"","_monsterinsights_sitenote_category":0},"_links":{"self":[{"href":"https:\/\/ozrodicia.sk\/index.php?rest_route=\/wp\/v2\/pages\/478"}],"collection":[{"href":"https:\/\/ozrodicia.sk\/index.php?rest_route=\/wp\/v2\/pages"}],"about":[{"href":"https:\/\/ozrodicia.sk\/index.php?rest_route=\/wp\/v2\/types\/page"}],"author":[{"embeddable":true,"href":"https:\/\/ozrodicia.sk\/index.php?rest_route=\/wp\/v2\/users\/1"}],"replies":[{"embeddable":true,"href":"https:\/\/ozrodicia.sk\/index.php?rest_route=%2Fwp%2Fv2%2Fcomments&post=478"}],"version-history":[{"count":6,"href":"https:\/\/ozrodicia.sk\/index.php?rest_route=\/wp\/v2\/pages\/478\/revisions"}],"predecessor-version":[{"id":522,"href":"https:\/\/ozrodicia.sk\/index.php?rest_route=\/wp\/v2\/pages\/478\/revisions\/522"}],"wp:featuredmedia":[{"embeddable":true,"href":"https:\/\/ozrodicia.sk\/index.php?rest_route=\/wp\/v2\/media\/482"}],"wp:attachment":[{"href":"https:\/\/ozrodicia.sk\/index.php?rest_route=%2Fwp%2Fv2%2Fmedia&parent=478"}],"curies":[{"name":"wp","href":"https:\/\/api.w.org\/{rel}","templated":true}]}}